{"id":840,"date":"2025-01-08T14:34:12","date_gmt":"2025-01-08T14:34:12","guid":{"rendered":"https:\/\/www.rheinfelden-fuer-demokratie.de\/?page_id=840"},"modified":"2025-01-08T15:47:30","modified_gmt":"2025-01-08T15:47:30","slug":"lange-nacht-der-demokratie","status":"publish","type":"page","link":"https:\/\/www.rheinfelden-fuer-demokratie.de\/?page_id=840","title":{"rendered":"Lange Nacht der Demokratie"},"content":{"rendered":"<h3><img loading=\"lazy\" decoding=\"async\" class=\"alignnone size-large wp-image-856\" src=\"https:\/\/www.rheinfelden-fuer-demokratie.de\/wp-content\/uploads\/2025\/01\/05-Moderation-Vor-dem-Logo-1024x683.jpg\" alt=\"\" width=\"580\" height=\"387\" srcset=\"https:\/\/www.rheinfelden-fuer-demokratie.de\/wp-content\/uploads\/2025\/01\/05-Moderation-Vor-dem-Logo-1024x683.jpg 1024w, https:\/\/www.rheinfelden-fuer-demokratie.de\/wp-content\/uploads\/2025\/01\/05-Moderation-Vor-dem-Logo-300x200.jpg 300w, https:\/\/www.rheinfelden-fuer-demokratie.de\/wp-content\/uploads\/2025\/01\/05-Moderation-Vor-dem-Logo-768x512.jpg 768w, https:\/\/www.rheinfelden-fuer-demokratie.de\/wp-content\/uploads\/2025\/01\/05-Moderation-Vor-dem-Logo-1536x1024.jpg 1536w, https:\/\/www.rheinfelden-fuer-demokratie.de\/wp-content\/uploads\/2025\/01\/05-Moderation-Vor-dem-Logo-2048x1365.jpg 2048w, https:\/\/www.rheinfelden-fuer-demokratie.de\/wp-content\/uploads\/2025\/01\/05-Moderation-Vor-dem-Logo-1200x800.jpg 1200w, https:\/\/www.rheinfelden-fuer-demokratie.de\/wp-content\/uploads\/2025\/01\/05-Moderation-Vor-dem-Logo-1980x1320.jpg 1980w\" sizes=\"auto, (max-width: 580px) 100vw, 580px\" \/> <img loading=\"lazy\" decoding=\"async\" class=\"alignnone size-large wp-image-855\" src=\"https:\/\/www.rheinfelden-fuer-demokratie.de\/wp-content\/uploads\/2025\/01\/04-Team-gesamt-auf-der-Buehne-3-1024x683.jpg\" alt=\"\" width=\"580\" height=\"387\" srcset=\"https:\/\/www.rheinfelden-fuer-demokratie.de\/wp-content\/uploads\/2025\/01\/04-Team-gesamt-auf-der-Buehne-3-1024x683.jpg 1024w, https:\/\/www.rheinfelden-fuer-demokratie.de\/wp-content\/uploads\/2025\/01\/04-Team-gesamt-auf-der-Buehne-3-300x200.jpg 300w, https:\/\/www.rheinfelden-fuer-demokratie.de\/wp-content\/uploads\/2025\/01\/04-Team-gesamt-auf-der-Buehne-3-768x512.jpg 768w, https:\/\/www.rheinfelden-fuer-demokratie.de\/wp-content\/uploads\/2025\/01\/04-Team-gesamt-auf-der-Buehne-3-1536x1024.jpg 1536w, https:\/\/www.rheinfelden-fuer-demokratie.de\/wp-content\/uploads\/2025\/01\/04-Team-gesamt-auf-der-Buehne-3-2048x1365.jpg 2048w, https:\/\/www.rheinfelden-fuer-demokratie.de\/wp-content\/uploads\/2025\/01\/04-Team-gesamt-auf-der-Buehne-3-1200x800.jpg 1200w, https:\/\/www.rheinfelden-fuer-demokratie.de\/wp-content\/uploads\/2025\/01\/04-Team-gesamt-auf-der-Buehne-3-1980x1320.jpg 1980w\" sizes=\"auto, (max-width: 580px) 100vw, 580px\" \/> <img loading=\"lazy\" decoding=\"async\" class=\"alignnone size-large wp-image-860\" src=\"https:\/\/www.rheinfelden-fuer-demokratie.de\/wp-content\/uploads\/2025\/01\/11-TonArt-singt-mit-Hintergrund-1024x683.jpg\" alt=\"\" width=\"580\" height=\"387\" srcset=\"https:\/\/www.rheinfelden-fuer-demokratie.de\/wp-content\/uploads\/2025\/01\/11-TonArt-singt-mit-Hintergrund-1024x683.jpg 1024w, https:\/\/www.rheinfelden-fuer-demokratie.de\/wp-content\/uploads\/2025\/01\/11-TonArt-singt-mit-Hintergrund-300x200.jpg 300w, https:\/\/www.rheinfelden-fuer-demokratie.de\/wp-content\/uploads\/2025\/01\/11-TonArt-singt-mit-Hintergrund-768x512.jpg 768w, https:\/\/www.rheinfelden-fuer-demokratie.de\/wp-content\/uploads\/2025\/01\/11-TonArt-singt-mit-Hintergrund-1536x1024.jpg 1536w, https:\/\/www.rheinfelden-fuer-demokratie.de\/wp-content\/uploads\/2025\/01\/11-TonArt-singt-mit-Hintergrund-2048x1365.jpg 2048w, https:\/\/www.rheinfelden-fuer-demokratie.de\/wp-content\/uploads\/2025\/01\/11-TonArt-singt-mit-Hintergrund-1200x800.jpg 1200w, https:\/\/www.rheinfelden-fuer-demokratie.de\/wp-content\/uploads\/2025\/01\/11-TonArt-singt-mit-Hintergrund-1980x1320.jpg 1980w\" sizes=\"auto, (max-width: 580px) 100vw, 580px\" \/> <img loading=\"lazy\" decoding=\"async\" class=\"alignnone size-large wp-image-862\" src=\"https:\/\/www.rheinfelden-fuer-demokratie.de\/wp-content\/uploads\/2025\/01\/12-OB-spricht-eindringlich-1024x683.jpg\" alt=\"\" width=\"580\" height=\"387\" srcset=\"https:\/\/www.rheinfelden-fuer-demokratie.de\/wp-content\/uploads\/2025\/01\/12-OB-spricht-eindringlich-1024x683.jpg 1024w, https:\/\/www.rheinfelden-fuer-demokratie.de\/wp-content\/uploads\/2025\/01\/12-OB-spricht-eindringlich-300x200.jpg 300w, https:\/\/www.rheinfelden-fuer-demokratie.de\/wp-content\/uploads\/2025\/01\/12-OB-spricht-eindringlich-768x512.jpg 768w, https:\/\/www.rheinfelden-fuer-demokratie.de\/wp-content\/uploads\/2025\/01\/12-OB-spricht-eindringlich-1536x1024.jpg 1536w, https:\/\/www.rheinfelden-fuer-demokratie.de\/wp-content\/uploads\/2025\/01\/12-OB-spricht-eindringlich-2048x1365.jpg 2048w, https:\/\/www.rheinfelden-fuer-demokratie.de\/wp-content\/uploads\/2025\/01\/12-OB-spricht-eindringlich-1200x800.jpg 1200w, https:\/\/www.rheinfelden-fuer-demokratie.de\/wp-content\/uploads\/2025\/01\/12-OB-spricht-eindringlich-1980x1320.jpg 1980w\" sizes=\"auto, (max-width: 580px) 100vw, 580px\" \/> <img loading=\"lazy\" decoding=\"async\" class=\"alignnone size-large wp-image-859\" src=\"https:\/\/www.rheinfelden-fuer-demokratie.de\/wp-content\/uploads\/2025\/01\/17-BuergerBuehne-Wolfgang-Dreiser-liest-Seitenansicht-683x1024.jpg\" alt=\"\" width=\"580\" height=\"870\" srcset=\"https:\/\/www.rheinfelden-fuer-demokratie.de\/wp-content\/uploads\/2025\/01\/17-BuergerBuehne-Wolfgang-Dreiser-liest-Seitenansicht-683x1024.jpg 683w, https:\/\/www.rheinfelden-fuer-demokratie.de\/wp-content\/uploads\/2025\/01\/17-BuergerBuehne-Wolfgang-Dreiser-liest-Seitenansicht-200x300.jpg 200w, https:\/\/www.rheinfelden-fuer-demokratie.de\/wp-content\/uploads\/2025\/01\/17-BuergerBuehne-Wolfgang-Dreiser-liest-Seitenansicht-768x1152.jpg 768w, https:\/\/www.rheinfelden-fuer-demokratie.de\/wp-content\/uploads\/2025\/01\/17-BuergerBuehne-Wolfgang-Dreiser-liest-Seitenansicht-1024x1536.jpg 1024w, https:\/\/www.rheinfelden-fuer-demokratie.de\/wp-content\/uploads\/2025\/01\/17-BuergerBuehne-Wolfgang-Dreiser-liest-Seitenansicht-1365x2048.jpg 1365w, https:\/\/www.rheinfelden-fuer-demokratie.de\/wp-content\/uploads\/2025\/01\/17-BuergerBuehne-Wolfgang-Dreiser-liest-Seitenansicht-1200x1800.jpg 1200w, https:\/\/www.rheinfelden-fuer-demokratie.de\/wp-content\/uploads\/2025\/01\/17-BuergerBuehne-Wolfgang-Dreiser-liest-Seitenansicht-1980x2970.jpg 1980w, https:\/\/www.rheinfelden-fuer-demokratie.de\/wp-content\/uploads\/2025\/01\/17-BuergerBuehne-Wolfgang-Dreiser-liest-Seitenansicht-scaled.jpg 1707w\" sizes=\"auto, (max-width: 580px) 100vw, 580px\" \/> <img loading=\"lazy\" decoding=\"async\" class=\"alignnone size-large wp-image-858\" src=\"https:\/\/www.rheinfelden-fuer-demokratie.de\/wp-content\/uploads\/2025\/01\/16-BuergerBuehne-Thomas-Himmler-spielt-Cello-1024x683.jpg\" alt=\"\" width=\"580\" height=\"387\" srcset=\"https:\/\/www.rheinfelden-fuer-demokratie.de\/wp-content\/uploads\/2025\/01\/16-BuergerBuehne-Thomas-Himmler-spielt-Cello-1024x683.jpg 1024w, https:\/\/www.rheinfelden-fuer-demokratie.de\/wp-content\/uploads\/2025\/01\/16-BuergerBuehne-Thomas-Himmler-spielt-Cello-300x200.jpg 300w, https:\/\/www.rheinfelden-fuer-demokratie.de\/wp-content\/uploads\/2025\/01\/16-BuergerBuehne-Thomas-Himmler-spielt-Cello-768x512.jpg 768w, https:\/\/www.rheinfelden-fuer-demokratie.de\/wp-content\/uploads\/2025\/01\/16-BuergerBuehne-Thomas-Himmler-spielt-Cello-1536x1024.jpg 1536w, https:\/\/www.rheinfelden-fuer-demokratie.de\/wp-content\/uploads\/2025\/01\/16-BuergerBuehne-Thomas-Himmler-spielt-Cello-2048x1365.jpg 2048w, https:\/\/www.rheinfelden-fuer-demokratie.de\/wp-content\/uploads\/2025\/01\/16-BuergerBuehne-Thomas-Himmler-spielt-Cello-1200x800.jpg 1200w, https:\/\/www.rheinfelden-fuer-demokratie.de\/wp-content\/uploads\/2025\/01\/16-BuergerBuehne-Thomas-Himmler-spielt-Cello-1980x1320.jpg 1980w\" sizes=\"auto, (max-width: 580px) 100vw, 580px\" \/> <img loading=\"lazy\" decoding=\"async\" class=\"alignnone size-large wp-image-863\" src=\"https:\/\/www.rheinfelden-fuer-demokratie.de\/wp-content\/uploads\/2025\/01\/14-BuergerBuehne-Floetenmusik-2-1024x683.jpg\" alt=\"\" width=\"580\" height=\"387\" srcset=\"https:\/\/www.rheinfelden-fuer-demokratie.de\/wp-content\/uploads\/2025\/01\/14-BuergerBuehne-Floetenmusik-2-1024x683.jpg 1024w, https:\/\/www.rheinfelden-fuer-demokratie.de\/wp-content\/uploads\/2025\/01\/14-BuergerBuehne-Floetenmusik-2-300x200.jpg 300w, https:\/\/www.rheinfelden-fuer-demokratie.de\/wp-content\/uploads\/2025\/01\/14-BuergerBuehne-Floetenmusik-2-768x512.jpg 768w, https:\/\/www.rheinfelden-fuer-demokratie.de\/wp-content\/uploads\/2025\/01\/14-BuergerBuehne-Floetenmusik-2-1536x1024.jpg 1536w, https:\/\/www.rheinfelden-fuer-demokratie.de\/wp-content\/uploads\/2025\/01\/14-BuergerBuehne-Floetenmusik-2-2048x1365.jpg 2048w, https:\/\/www.rheinfelden-fuer-demokratie.de\/wp-content\/uploads\/2025\/01\/14-BuergerBuehne-Floetenmusik-2-1200x800.jpg 1200w, https:\/\/www.rheinfelden-fuer-demokratie.de\/wp-content\/uploads\/2025\/01\/14-BuergerBuehne-Floetenmusik-2-1980x1320.jpg 1980w\" sizes=\"auto, (max-width: 580px) 100vw, 580px\" \/> <img loading=\"lazy\" decoding=\"async\" class=\"alignnone size-large wp-image-873\" src=\"https:\/\/www.rheinfelden-fuer-demokratie.de\/wp-content\/uploads\/2025\/01\/33-Internationale-Folklore-der-Geiger-2-1024x683.jpg\" alt=\"\" width=\"580\" height=\"387\" srcset=\"https:\/\/www.rheinfelden-fuer-demokratie.de\/wp-content\/uploads\/2025\/01\/33-Internationale-Folklore-der-Geiger-2-1024x683.jpg 1024w, https:\/\/www.rheinfelden-fuer-demokratie.de\/wp-content\/uploads\/2025\/01\/33-Internationale-Folklore-der-Geiger-2-300x200.jpg 300w, https:\/\/www.rheinfelden-fuer-demokratie.de\/wp-content\/uploads\/2025\/01\/33-Internationale-Folklore-der-Geiger-2-768x512.jpg 768w, https:\/\/www.rheinfelden-fuer-demokratie.de\/wp-content\/uploads\/2025\/01\/33-Internationale-Folklore-der-Geiger-2-1536x1024.jpg 1536w, https:\/\/www.rheinfelden-fuer-demokratie.de\/wp-content\/uploads\/2025\/01\/33-Internationale-Folklore-der-Geiger-2-2048x1365.jpg 2048w, https:\/\/www.rheinfelden-fuer-demokratie.de\/wp-content\/uploads\/2025\/01\/33-Internationale-Folklore-der-Geiger-2-1200x800.jpg 1200w, https:\/\/www.rheinfelden-fuer-demokratie.de\/wp-content\/uploads\/2025\/01\/33-Internationale-Folklore-der-Geiger-2-1980x1320.jpg 1980w\" sizes=\"auto, (max-width: 580px) 100vw, 580px\" \/> <img loading=\"lazy\" decoding=\"async\" class=\"alignnone size-large wp-image-861\" src=\"https:\/\/www.rheinfelden-fuer-demokratie.de\/wp-content\/uploads\/2025\/01\/13-BuergerBuehne-Gedicht-auf-das-Grundgesetz-wird-vorgetragen-1024x683.jpg\" alt=\"\" width=\"580\" height=\"387\" srcset=\"https:\/\/www.rheinfelden-fuer-demokratie.de\/wp-content\/uploads\/2025\/01\/13-BuergerBuehne-Gedicht-auf-das-Grundgesetz-wird-vorgetragen-1024x683.jpg 1024w, https:\/\/www.rheinfelden-fuer-demokratie.de\/wp-content\/uploads\/2025\/01\/13-BuergerBuehne-Gedicht-auf-das-Grundgesetz-wird-vorgetragen-300x200.jpg 300w, https:\/\/www.rheinfelden-fuer-demokratie.de\/wp-content\/uploads\/2025\/01\/13-BuergerBuehne-Gedicht-auf-das-Grundgesetz-wird-vorgetragen-768x512.jpg 768w, https:\/\/www.rheinfelden-fuer-demokratie.de\/wp-content\/uploads\/2025\/01\/13-BuergerBuehne-Gedicht-auf-das-Grundgesetz-wird-vorgetragen-1536x1024.jpg 1536w, https:\/\/www.rheinfelden-fuer-demokratie.de\/wp-content\/uploads\/2025\/01\/13-BuergerBuehne-Gedicht-auf-das-Grundgesetz-wird-vorgetragen-2048x1365.jpg 2048w, https:\/\/www.rheinfelden-fuer-demokratie.de\/wp-content\/uploads\/2025\/01\/13-BuergerBuehne-Gedicht-auf-das-Grundgesetz-wird-vorgetragen-1200x800.jpg 1200w, https:\/\/www.rheinfelden-fuer-demokratie.de\/wp-content\/uploads\/2025\/01\/13-BuergerBuehne-Gedicht-auf-das-Grundgesetz-wird-vorgetragen-1980x1320.jpg 1980w\" sizes=\"auto, (max-width: 580px) 100vw, 580px\" \/> <img loading=\"lazy\" decoding=\"async\" class=\"alignnone size-large wp-image-857\" src=\"https:\/\/www.rheinfelden-fuer-demokratie.de\/wp-content\/uploads\/2025\/01\/15-BuergerBuehne-Querfeldrhein-Theater-4-5000-px-1024x683.jpg\" alt=\"\" width=\"580\" height=\"387\" srcset=\"https:\/\/www.rheinfelden-fuer-demokratie.de\/wp-content\/uploads\/2025\/01\/15-BuergerBuehne-Querfeldrhein-Theater-4-5000-px-1024x683.jpg 1024w, https:\/\/www.rheinfelden-fuer-demokratie.de\/wp-content\/uploads\/2025\/01\/15-BuergerBuehne-Querfeldrhein-Theater-4-5000-px-300x200.jpg 300w, https:\/\/www.rheinfelden-fuer-demokratie.de\/wp-content\/uploads\/2025\/01\/15-BuergerBuehne-Querfeldrhein-Theater-4-5000-px-768x512.jpg 768w, https:\/\/www.rheinfelden-fuer-demokratie.de\/wp-content\/uploads\/2025\/01\/15-BuergerBuehne-Querfeldrhein-Theater-4-5000-px-1536x1024.jpg 1536w, https:\/\/www.rheinfelden-fuer-demokratie.de\/wp-content\/uploads\/2025\/01\/15-BuergerBuehne-Querfeldrhein-Theater-4-5000-px-2048x1366.jpg 2048w, https:\/\/www.rheinfelden-fuer-demokratie.de\/wp-content\/uploads\/2025\/01\/15-BuergerBuehne-Querfeldrhein-Theater-4-5000-px-1200x800.jpg 1200w, https:\/\/www.rheinfelden-fuer-demokratie.de\/wp-content\/uploads\/2025\/01\/15-BuergerBuehne-Querfeldrhein-Theater-4-5000-px-1980x1320.jpg 1980w\" sizes=\"auto, (max-width: 580px) 100vw, 580px\" \/> <img loading=\"lazy\" decoding=\"async\" class=\"alignnone size-large wp-image-865\" src=\"https:\/\/www.rheinfelden-fuer-demokratie.de\/wp-content\/uploads\/2025\/01\/23-Poetry-Slam-Ansgar-Hufnagel-Es-liegt-auf-der-Hand-683x1024.jpg\" alt=\"\" width=\"580\" height=\"870\" srcset=\"https:\/\/www.rheinfelden-fuer-demokratie.de\/wp-content\/uploads\/2025\/01\/23-Poetry-Slam-Ansgar-Hufnagel-Es-liegt-auf-der-Hand-683x1024.jpg 683w, https:\/\/www.rheinfelden-fuer-demokratie.de\/wp-content\/uploads\/2025\/01\/23-Poetry-Slam-Ansgar-Hufnagel-Es-liegt-auf-der-Hand-200x300.jpg 200w, https:\/\/www.rheinfelden-fuer-demokratie.de\/wp-content\/uploads\/2025\/01\/23-Poetry-Slam-Ansgar-Hufnagel-Es-liegt-auf-der-Hand-768x1152.jpg 768w, https:\/\/www.rheinfelden-fuer-demokratie.de\/wp-content\/uploads\/2025\/01\/23-Poetry-Slam-Ansgar-Hufnagel-Es-liegt-auf-der-Hand-1024x1536.jpg 1024w, https:\/\/www.rheinfelden-fuer-demokratie.de\/wp-content\/uploads\/2025\/01\/23-Poetry-Slam-Ansgar-Hufnagel-Es-liegt-auf-der-Hand-1365x2048.jpg 1365w, https:\/\/www.rheinfelden-fuer-demokratie.de\/wp-content\/uploads\/2025\/01\/23-Poetry-Slam-Ansgar-Hufnagel-Es-liegt-auf-der-Hand-1200x1800.jpg 1200w, https:\/\/www.rheinfelden-fuer-demokratie.de\/wp-content\/uploads\/2025\/01\/23-Poetry-Slam-Ansgar-Hufnagel-Es-liegt-auf-der-Hand-1980x2970.jpg 1980w, https:\/\/www.rheinfelden-fuer-demokratie.de\/wp-content\/uploads\/2025\/01\/23-Poetry-Slam-Ansgar-Hufnagel-Es-liegt-auf-der-Hand-scaled.jpg 1707w\" sizes=\"auto, (max-width: 580px) 100vw, 580px\" \/> <img loading=\"lazy\" decoding=\"async\" class=\"alignnone size-large wp-image-866\" src=\"https:\/\/www.rheinfelden-fuer-demokratie.de\/wp-content\/uploads\/2025\/01\/24-Poetry-Slasm-Lukas-Buehner-zeigt-Weite-1024x683.jpg\" alt=\"\" width=\"580\" height=\"387\" srcset=\"https:\/\/www.rheinfelden-fuer-demokratie.de\/wp-content\/uploads\/2025\/01\/24-Poetry-Slasm-Lukas-Buehner-zeigt-Weite-1024x683.jpg 1024w, https:\/\/www.rheinfelden-fuer-demokratie.de\/wp-content\/uploads\/2025\/01\/24-Poetry-Slasm-Lukas-Buehner-zeigt-Weite-300x200.jpg 300w, https:\/\/www.rheinfelden-fuer-demokratie.de\/wp-content\/uploads\/2025\/01\/24-Poetry-Slasm-Lukas-Buehner-zeigt-Weite-768x512.jpg 768w, https:\/\/www.rheinfelden-fuer-demokratie.de\/wp-content\/uploads\/2025\/01\/24-Poetry-Slasm-Lukas-Buehner-zeigt-Weite-1536x1024.jpg 1536w, https:\/\/www.rheinfelden-fuer-demokratie.de\/wp-content\/uploads\/2025\/01\/24-Poetry-Slasm-Lukas-Buehner-zeigt-Weite-2048x1365.jpg 2048w, https:\/\/www.rheinfelden-fuer-demokratie.de\/wp-content\/uploads\/2025\/01\/24-Poetry-Slasm-Lukas-Buehner-zeigt-Weite-1200x800.jpg 1200w, https:\/\/www.rheinfelden-fuer-demokratie.de\/wp-content\/uploads\/2025\/01\/24-Poetry-Slasm-Lukas-Buehner-zeigt-Weite-1980x1320.jpg 1980w\" sizes=\"auto, (max-width: 580px) 100vw, 580px\" \/> <img loading=\"lazy\" decoding=\"async\" class=\"alignnone size-large wp-image-867\" src=\"https:\/\/www.rheinfelden-fuer-demokratie.de\/wp-content\/uploads\/2025\/01\/25-PoetrySlam-Elias-Zand-Akbari-lebhaft-1024x683.jpg\" alt=\"\" width=\"580\" height=\"387\" srcset=\"https:\/\/www.rheinfelden-fuer-demokratie.de\/wp-content\/uploads\/2025\/01\/25-PoetrySlam-Elias-Zand-Akbari-lebhaft-1024x683.jpg 1024w, https:\/\/www.rheinfelden-fuer-demokratie.de\/wp-content\/uploads\/2025\/01\/25-PoetrySlam-Elias-Zand-Akbari-lebhaft-300x200.jpg 300w, https:\/\/www.rheinfelden-fuer-demokratie.de\/wp-content\/uploads\/2025\/01\/25-PoetrySlam-Elias-Zand-Akbari-lebhaft-768x512.jpg 768w, https:\/\/www.rheinfelden-fuer-demokratie.de\/wp-content\/uploads\/2025\/01\/25-PoetrySlam-Elias-Zand-Akbari-lebhaft-1536x1024.jpg 1536w, https:\/\/www.rheinfelden-fuer-demokratie.de\/wp-content\/uploads\/2025\/01\/25-PoetrySlam-Elias-Zand-Akbari-lebhaft-2048x1365.jpg 2048w, https:\/\/www.rheinfelden-fuer-demokratie.de\/wp-content\/uploads\/2025\/01\/25-PoetrySlam-Elias-Zand-Akbari-lebhaft-1200x800.jpg 1200w, https:\/\/www.rheinfelden-fuer-demokratie.de\/wp-content\/uploads\/2025\/01\/25-PoetrySlam-Elias-Zand-Akbari-lebhaft-1980x1320.jpg 1980w\" sizes=\"auto, (max-width: 580px) 100vw, 580px\" \/> <img loading=\"lazy\" decoding=\"async\" class=\"alignnone size-large wp-image-868\" src=\"https:\/\/www.rheinfelden-fuer-demokratie.de\/wp-content\/uploads\/2025\/01\/26-PoetrySlam-Evelyn-Krutsch-Kopf-von-vorn-1024x683.jpg\" alt=\"\" width=\"580\" height=\"387\" srcset=\"https:\/\/www.rheinfelden-fuer-demokratie.de\/wp-content\/uploads\/2025\/01\/26-PoetrySlam-Evelyn-Krutsch-Kopf-von-vorn-1024x683.jpg 1024w, https:\/\/www.rheinfelden-fuer-demokratie.de\/wp-content\/uploads\/2025\/01\/26-PoetrySlam-Evelyn-Krutsch-Kopf-von-vorn-300x200.jpg 300w, https:\/\/www.rheinfelden-fuer-demokratie.de\/wp-content\/uploads\/2025\/01\/26-PoetrySlam-Evelyn-Krutsch-Kopf-von-vorn-768x512.jpg 768w, https:\/\/www.rheinfelden-fuer-demokratie.de\/wp-content\/uploads\/2025\/01\/26-PoetrySlam-Evelyn-Krutsch-Kopf-von-vorn-1536x1024.jpg 1536w, https:\/\/www.rheinfelden-fuer-demokratie.de\/wp-content\/uploads\/2025\/01\/26-PoetrySlam-Evelyn-Krutsch-Kopf-von-vorn-2048x1365.jpg 2048w, https:\/\/www.rheinfelden-fuer-demokratie.de\/wp-content\/uploads\/2025\/01\/26-PoetrySlam-Evelyn-Krutsch-Kopf-von-vorn-1200x800.jpg 1200w, https:\/\/www.rheinfelden-fuer-demokratie.de\/wp-content\/uploads\/2025\/01\/26-PoetrySlam-Evelyn-Krutsch-Kopf-von-vorn-1980x1320.jpg 1980w\" sizes=\"auto, (max-width: 580px) 100vw, 580px\" \/> <img loading=\"lazy\" decoding=\"async\" class=\"alignnone size-large wp-image-869\" src=\"https:\/\/www.rheinfelden-fuer-demokratie.de\/wp-content\/uploads\/2025\/01\/27-PoetrySlam-Olaf-Euler-in-Aktion-1024x683.jpg\" alt=\"\" width=\"580\" height=\"387\" srcset=\"https:\/\/www.rheinfelden-fuer-demokratie.de\/wp-content\/uploads\/2025\/01\/27-PoetrySlam-Olaf-Euler-in-Aktion-1024x683.jpg 1024w, https:\/\/www.rheinfelden-fuer-demokratie.de\/wp-content\/uploads\/2025\/01\/27-PoetrySlam-Olaf-Euler-in-Aktion-300x200.jpg 300w, https:\/\/www.rheinfelden-fuer-demokratie.de\/wp-content\/uploads\/2025\/01\/27-PoetrySlam-Olaf-Euler-in-Aktion-768x512.jpg 768w, https:\/\/www.rheinfelden-fuer-demokratie.de\/wp-content\/uploads\/2025\/01\/27-PoetrySlam-Olaf-Euler-in-Aktion-1536x1024.jpg 1536w, https:\/\/www.rheinfelden-fuer-demokratie.de\/wp-content\/uploads\/2025\/01\/27-PoetrySlam-Olaf-Euler-in-Aktion-2048x1365.jpg 2048w, https:\/\/www.rheinfelden-fuer-demokratie.de\/wp-content\/uploads\/2025\/01\/27-PoetrySlam-Olaf-Euler-in-Aktion-1200x800.jpg 1200w, https:\/\/www.rheinfelden-fuer-demokratie.de\/wp-content\/uploads\/2025\/01\/27-PoetrySlam-Olaf-Euler-in-Aktion-1980x1320.jpg 1980w\" sizes=\"auto, (max-width: 580px) 100vw, 580px\" \/> <img loading=\"lazy\" decoding=\"async\" class=\"alignnone size-large wp-image-870\" src=\"https:\/\/www.rheinfelden-fuer-demokratie.de\/wp-content\/uploads\/2025\/01\/28-PoetrySlam-Evelyn-Krutsch-bekommt-eine-Sonnenblume-1024x683.jpg\" alt=\"\" width=\"580\" height=\"387\" srcset=\"https:\/\/www.rheinfelden-fuer-demokratie.de\/wp-content\/uploads\/2025\/01\/28-PoetrySlam-Evelyn-Krutsch-bekommt-eine-Sonnenblume-1024x683.jpg 1024w, https:\/\/www.rheinfelden-fuer-demokratie.de\/wp-content\/uploads\/2025\/01\/28-PoetrySlam-Evelyn-Krutsch-bekommt-eine-Sonnenblume-300x200.jpg 300w, https:\/\/www.rheinfelden-fuer-demokratie.de\/wp-content\/uploads\/2025\/01\/28-PoetrySlam-Evelyn-Krutsch-bekommt-eine-Sonnenblume-768x512.jpg 768w, https:\/\/www.rheinfelden-fuer-demokratie.de\/wp-content\/uploads\/2025\/01\/28-PoetrySlam-Evelyn-Krutsch-bekommt-eine-Sonnenblume-1536x1024.jpg 1536w, https:\/\/www.rheinfelden-fuer-demokratie.de\/wp-content\/uploads\/2025\/01\/28-PoetrySlam-Evelyn-Krutsch-bekommt-eine-Sonnenblume-2048x1365.jpg 2048w, https:\/\/www.rheinfelden-fuer-demokratie.de\/wp-content\/uploads\/2025\/01\/28-PoetrySlam-Evelyn-Krutsch-bekommt-eine-Sonnenblume-1200x800.jpg 1200w, https:\/\/www.rheinfelden-fuer-demokratie.de\/wp-content\/uploads\/2025\/01\/28-PoetrySlam-Evelyn-Krutsch-bekommt-eine-Sonnenblume-1980x1320.jpg 1980w\" sizes=\"auto, (max-width: 580px) 100vw, 580px\" \/> <img loading=\"lazy\" decoding=\"async\" class=\"alignnone size-large wp-image-871\" src=\"https:\/\/www.rheinfelden-fuer-demokratie.de\/wp-content\/uploads\/2025\/01\/31-Young-Voices-Gesamtbild-2-1024x683.jpg\" alt=\"\" width=\"580\" height=\"387\" srcset=\"https:\/\/www.rheinfelden-fuer-demokratie.de\/wp-content\/uploads\/2025\/01\/31-Young-Voices-Gesamtbild-2-1024x683.jpg 1024w, https:\/\/www.rheinfelden-fuer-demokratie.de\/wp-content\/uploads\/2025\/01\/31-Young-Voices-Gesamtbild-2-300x200.jpg 300w, https:\/\/www.rheinfelden-fuer-demokratie.de\/wp-content\/uploads\/2025\/01\/31-Young-Voices-Gesamtbild-2-768x512.jpg 768w, https:\/\/www.rheinfelden-fuer-demokratie.de\/wp-content\/uploads\/2025\/01\/31-Young-Voices-Gesamtbild-2-1536x1024.jpg 1536w, https:\/\/www.rheinfelden-fuer-demokratie.de\/wp-content\/uploads\/2025\/01\/31-Young-Voices-Gesamtbild-2-2048x1365.jpg 2048w, https:\/\/www.rheinfelden-fuer-demokratie.de\/wp-content\/uploads\/2025\/01\/31-Young-Voices-Gesamtbild-2-1200x800.jpg 1200w, https:\/\/www.rheinfelden-fuer-demokratie.de\/wp-content\/uploads\/2025\/01\/31-Young-Voices-Gesamtbild-2-1980x1320.jpg 1980w\" sizes=\"auto, (max-width: 580px) 100vw, 580px\" \/> <img loading=\"lazy\" decoding=\"async\" class=\"alignnone size-large wp-image-874\" src=\"https:\/\/www.rheinfelden-fuer-demokratie.de\/wp-content\/uploads\/2025\/01\/34-Internationale-Folklore-in-Aktion-1024x683.jpg\" alt=\"\" width=\"580\" height=\"387\" srcset=\"https:\/\/www.rheinfelden-fuer-demokratie.de\/wp-content\/uploads\/2025\/01\/34-Internationale-Folklore-in-Aktion-1024x683.jpg 1024w, https:\/\/www.rheinfelden-fuer-demokratie.de\/wp-content\/uploads\/2025\/01\/34-Internationale-Folklore-in-Aktion-300x200.jpg 300w, https:\/\/www.rheinfelden-fuer-demokratie.de\/wp-content\/uploads\/2025\/01\/34-Internationale-Folklore-in-Aktion-768x512.jpg 768w, https:\/\/www.rheinfelden-fuer-demokratie.de\/wp-content\/uploads\/2025\/01\/34-Internationale-Folklore-in-Aktion-1536x1024.jpg 1536w, https:\/\/www.rheinfelden-fuer-demokratie.de\/wp-content\/uploads\/2025\/01\/34-Internationale-Folklore-in-Aktion-2048x1365.jpg 2048w, https:\/\/www.rheinfelden-fuer-demokratie.de\/wp-content\/uploads\/2025\/01\/34-Internationale-Folklore-in-Aktion-1200x800.jpg 1200w, https:\/\/www.rheinfelden-fuer-demokratie.de\/wp-content\/uploads\/2025\/01\/34-Internationale-Folklore-in-Aktion-1980x1320.jpg 1980w\" sizes=\"auto, (max-width: 580px) 100vw, 580px\" \/> <img loading=\"lazy\" decoding=\"async\" class=\"alignnone size-large wp-image-853\" src=\"https:\/\/www.rheinfelden-fuer-demokratie.de\/wp-content\/uploads\/2025\/01\/02-Buergersaal-am-Anfang-von-oben-1024x683.jpg\" alt=\"\" width=\"580\" height=\"387\" srcset=\"https:\/\/www.rheinfelden-fuer-demokratie.de\/wp-content\/uploads\/2025\/01\/02-Buergersaal-am-Anfang-von-oben-1024x683.jpg 1024w, https:\/\/www.rheinfelden-fuer-demokratie.de\/wp-content\/uploads\/2025\/01\/02-Buergersaal-am-Anfang-von-oben-300x200.jpg 300w, https:\/\/www.rheinfelden-fuer-demokratie.de\/wp-content\/uploads\/2025\/01\/02-Buergersaal-am-Anfang-von-oben-768x512.jpg 768w, https:\/\/www.rheinfelden-fuer-demokratie.de\/wp-content\/uploads\/2025\/01\/02-Buergersaal-am-Anfang-von-oben-1536x1024.jpg 1536w, https:\/\/www.rheinfelden-fuer-demokratie.de\/wp-content\/uploads\/2025\/01\/02-Buergersaal-am-Anfang-von-oben-2048x1365.jpg 2048w, https:\/\/www.rheinfelden-fuer-demokratie.de\/wp-content\/uploads\/2025\/01\/02-Buergersaal-am-Anfang-von-oben-1200x800.jpg 1200w, https:\/\/www.rheinfelden-fuer-demokratie.de\/wp-content\/uploads\/2025\/01\/02-Buergersaal-am-Anfang-von-oben-1980x1320.jpg 1980w\" sizes=\"auto, (max-width: 580px) 100vw, 580px\" \/> <img loading=\"lazy\" decoding=\"async\" class=\"alignnone size-large wp-image-854\" src=\"https:\/\/www.rheinfelden-fuer-demokratie.de\/wp-content\/uploads\/2025\/01\/03-Essen-als-lange-Tafel-683x1024.jpg\" alt=\"\" width=\"580\" height=\"870\" srcset=\"https:\/\/www.rheinfelden-fuer-demokratie.de\/wp-content\/uploads\/2025\/01\/03-Essen-als-lange-Tafel-683x1024.jpg 683w, https:\/\/www.rheinfelden-fuer-demokratie.de\/wp-content\/uploads\/2025\/01\/03-Essen-als-lange-Tafel-200x300.jpg 200w, https:\/\/www.rheinfelden-fuer-demokratie.de\/wp-content\/uploads\/2025\/01\/03-Essen-als-lange-Tafel-768x1152.jpg 768w, https:\/\/www.rheinfelden-fuer-demokratie.de\/wp-content\/uploads\/2025\/01\/03-Essen-als-lange-Tafel-1024x1536.jpg 1024w, https:\/\/www.rheinfelden-fuer-demokratie.de\/wp-content\/uploads\/2025\/01\/03-Essen-als-lange-Tafel-1365x2048.jpg 1365w, https:\/\/www.rheinfelden-fuer-demokratie.de\/wp-content\/uploads\/2025\/01\/03-Essen-als-lange-Tafel-1200x1800.jpg 1200w, https:\/\/www.rheinfelden-fuer-demokratie.de\/wp-content\/uploads\/2025\/01\/03-Essen-als-lange-Tafel-1980x2970.jpg 1980w, https:\/\/www.rheinfelden-fuer-demokratie.de\/wp-content\/uploads\/2025\/01\/03-Essen-als-lange-Tafel-scaled.jpg 1707w\" sizes=\"auto, (max-width: 580px) 100vw, 580px\" \/><\/h3>\n<h3><\/h3>\n<h6><b>Fotos von: <\/b><b>Manuel Linares-Braekow <\/b><\/h6>\n<p><a href=\"https:\/\/www.foto-mlb.de\/\">https:\/\/www.foto-mlb.de\/<\/a><\/p>\n<h3>Erstmals in Rheinfelden<\/h3>\n<p class=\"western\">Mittwoch, 2. Oktober, fand in Rheinfelden die Lange Nacht der Demokratie statt<\/p>\n<p class=\"western\"><b>Schirmherr:<\/b> Oberb\u00fcrgermeister Klaus Eberhardt<\/p>\n<p class=\"western\"><b>Moderation:<\/b> Veronika Plank<\/p>\n<p class=\"western\">Es ist war nur die erste \u201eLange Nacht der Demokratie\u201c in Rheinfelden, sondern Baden-W\u00fcrttemberg weit fand diese erstmals statt. Dazu hat die B\u00fcrgerinitiative \u201eRheinfelden f\u00fcr Demokratie\u201c als einer von 19 Modellstandorten eine Projektf\u00f6rderung durch die Baden-W\u00fcrttemberg Stiftung erhalten.<\/p>\n<p class=\"western\">Auf der <b>B\u00fcrger:B\u00fchne<\/b> pr\u00e4sentietren sich Menschen aus der Region (Einzelpersonen, Teams, Vereine) mit eigenen Kurz-Beitr\u00e4gen zum Thema \u201eDemokratie\u201c, wobei die Art der Performance freigestellt war, z.B. Satirische Rede, Klagelied, Ausdruckstanz, Foto-Show, Kurz-Film.<\/p>\n<p class=\"western\">Beim ersten <i><b>Poetry-Slam<\/b><\/i> in Rheinfelden ma\u00dfen sich Autorinnen und Autoren mit Selbstverfasstem zwischen Satire und Poesie, Pamphlet oder <i>Beatbox-<\/i>Performance. Auf der B\u00fchne standen K\u00fcnstlerinnen und K\u00fcnstler aus der Region wie Gr\u00f6\u00dfen der <i>Poetry-Slam<\/i>-Szene. F\u00fcr Organisation und Moderation konnte dabei <i>Poetry-Slammerin<\/i> Linnea Gehlert gewonnen werden, die ein spannendes <i>Line Up<\/i> zusammenzustellte.<\/p>\n<p class=\"western\"><b>es gab Musikalische<\/b> Auftritte\u00a0 von Azra, Emanuel, Thomas Himmler, TonArt und Rainer Marbach mit Young Voices.<\/p>\n<p class=\"western\"><b>Warum diese \u201eLange Nacht der Demokratie<\/b>\u201c? Demokratie ist nicht nur gesellschaftlich wichtig und erfordert aktive Teilnahme, sondern darf auch Spa\u00df machen. Dieser Faktor soll bei dieser \u201eLangen Nacht der Demokratie\u201c in Rheinfelden im Vordergrund stehen \u2013 ohne dadurch inhaltlich zu verflachen.<\/p>\n<p class=\"western\"><b>Baden-W\u00fcrttembergweite Homepage: <a href=\"https:\/\/www.lpb-bw.de\/lange-nacht-der-demokratie\">https:\/\/www.lpb-bw.de\/lange-nacht-der-demokratie<\/a><\/b><\/p>\n<p class=\"western\"><b>Unsere Kooperationspartner:innen in<\/b> Rheinfelden<\/p>\n<p>Caritasverband Hochrhein<br \/>\nChristlich-Islamischer Verein Hochrhein<br \/>\nDiakonisches Werk im Landkreis L\u00f6rrach\/Dienststelle Rheinfelden<br \/>\nEvangelische Kirchengemeinde Rheinfelden<br \/>\nEvangelische Erwachsenenbildung Hochrhein-Markgr\u00e4flerland<br \/>\nFamilienzentrum Rheinfelden<br \/>\nFreundeskreis Asyl Rheinfelden<br \/>\nKatholische Kirchengemeinde Rheinfelden<br \/>\nKirchliche Sozialstation Rheinfelden<br \/>\nKommunit\u00e4t Beuggen<br \/>\nRhein Bildungs- und Kulturverein<br \/>\nRunder Tisch Mitgemischt \u2013 Ausl\u00e4nderbeirat<br \/>\nStadt Rheinfelden (Kulturamt)<br \/>\nVamos Caminando Weltladen<br \/>\nVHS Rheinfelden<\/p>\n","protected":false},"excerpt":{"rendered":"<p>Fotos von: Manuel Linares-Braekow https:\/\/www.foto-mlb.de\/ Erstmals in Rheinfelden Mittwoch, 2. Oktober, fand in Rheinfelden die Lange Nacht der Demokratie statt Schirmherr: Oberb\u00fcrgermeister Klaus Eberhardt Moderation: Veronika Plank Es ist war [&hellip;]<\/p>\n","protected":false},"author":1,"featured_media":807,"parent":0,"menu_order":0,"comment_status":"closed","ping_status":"closed","template":"templates\/template-full-width.php","meta":{"footnotes":""},"class_list":["post-840","page","type-page","status-publish","has-post-thumbnail","hentry"],"_links":{"self":[{"href":"https:\/\/www.rheinfelden-fuer-demokratie.de\/index.php?rest_route=\/wp\/v2\/pages\/840","targetHints":{"allow":["GET"]}}],"collection":[{"href":"https:\/\/www.rheinfelden-fuer-demokratie.de\/index.php?rest_route=\/wp\/v2\/pages"}],"about":[{"href":"https:\/\/www.rheinfelden-fuer-demokratie.de\/index.php?rest_route=\/wp\/v2\/types\/page"}],"author":[{"embeddable":true,"href":"https:\/\/www.rheinfelden-fuer-demokratie.de\/index.php?rest_route=\/wp\/v2\/users\/1"}],"replies":[{"embeddable":true,"href":"https:\/\/www.rheinfelden-fuer-demokratie.de\/index.php?rest_route=%2Fwp%2Fv2%2Fcomments&post=840"}],"version-history":[{"count":9,"href":"https:\/\/www.rheinfelden-fuer-demokratie.de\/index.php?rest_route=\/wp\/v2\/pages\/840\/revisions"}],"predecessor-version":[{"id":891,"href":"https:\/\/www.rheinfelden-fuer-demokratie.de\/index.php?rest_route=\/wp\/v2\/pages\/840\/revisions\/891"}],"wp:featuredmedia":[{"embeddable":true,"href":"https:\/\/www.rheinfelden-fuer-demokratie.de\/index.php?rest_route=\/wp\/v2\/media\/807"}],"wp:attachment":[{"href":"https:\/\/www.rheinfelden-fuer-demokratie.de\/index.php?rest_route=%2Fwp%2Fv2%2Fmedia&parent=840"}],"curies":[{"name":"wp","href":"https:\/\/api.w.org\/{rel}","templated":true}]}}